{"id":1746,"date":"2017-12-15T19:24:58","date_gmt":"2017-12-15T18:24:58","guid":{"rendered":"http:\/\/www.g-v.fr\/?page_id=1746\/"},"modified":"2023-03-23T16:06:38","modified_gmt":"2023-03-23T15:06:38","slug":"contact-backup2","status":"publish","type":"page","link":"https:\/\/www.g-v.fr\/en\/contact-backup2\/","title":{"rendered":"Contact-backup2"},"content":{"rendered":"<p>The Company Gis\u00e8le Vienne is supported by Minist\u00e8re de la culture et de la communication \u2013 DRAC Grand Est, R\u00e9gion Grand Est and Ville de Strasbourg. The company is supported by Institut Fran\u00e7ais for international touring.<\/p>\n<p><img loading=\"lazy\" decoding=\"async\" class=\"alignnone wp-image-1330 size-medium\" src=\"http:\/\/www.g-v.fr\/wp-content\/uploads\/2016\/07\/bloclogogris-1-300x127.png\" alt=\"\" width=\"300\" height=\"127\" srcset=\"https:\/\/www.g-v.fr\/wp-content\/uploads\/2016\/07\/bloclogogris-1-300x127.png 300w, https:\/\/www.g-v.fr\/wp-content\/uploads\/2016\/07\/bloclogogris-1-768x325.png 768w, https:\/\/www.g-v.fr\/wp-content\/uploads\/2016\/07\/bloclogogris-1-1024x433.png 1024w, https:\/\/www.g-v.fr\/wp-content\/uploads\/2016\/07\/bloclogogris-1-1440x610.png 1440w, https:\/\/www.g-v.fr\/wp-content\/uploads\/2016\/07\/bloclogogris-1-1200x508.png 1200w, https:\/\/www.g-v.fr\/wp-content\/uploads\/2016\/07\/bloclogogris-1-980x415.png 980w, https:\/\/www.g-v.fr\/wp-content\/uploads\/2016\/07\/bloclogogris-1-640x271.png 640w, https:\/\/www.g-v.fr\/wp-content\/uploads\/2016\/07\/bloclogogris-1-425x180.png 425w, https:\/\/www.g-v.fr\/wp-content\/uploads\/2016\/07\/bloclogogris-1.png 1512w\" sizes=\"auto, (max-width: 709px) 85vw, (max-width: 909px) 67vw, (max-width: 1362px) 62vw, 840px\" \/><\/p>\n<p>Gis\u00e8le Vienne is associate artist at the Nanterre-Amandiers CDN since 2014, at the Th\u00e9\u00e2tre National de Bretagne \/ Rennes &#8211; Direction Arthur Nauzyciel and at the\u00a0Le Volcan, Sc\u00e8ne nationale du Havre.<\/p>\n","protected":false},"excerpt":{"rendered":"<p>The Company Gis\u00e8le Vienne is supported by Minist\u00e8re de la culture et de la communication \u2013 DRAC Grand Est, R\u00e9gion Grand Est and Ville de Strasbourg. The company is supported by Institut Fran\u00e7ais for international touring. Gis\u00e8le Vienne is associate artist at the Nanterre-Amandiers CDN since 2014, at the Th\u00e9\u00e2tre National de Bretagne \/ Rennes [&hellip;]<\/p>\n","protected":false},"author":6,"featured_media":0,"parent":0,"menu_order":0,"comment_status":"closed","ping_status":"closed","template":"","meta":{"_acf_changed":false,"footnotes":""},"class_list":["post-1746","page","type-page","status-publish","hentry"],"acf":[],"_links":{"self":[{"href":"https:\/\/www.g-v.fr\/en\/wp-json\/wp\/v2\/pages\/1746","targetHints":{"allow":["GET"]}}],"collection":[{"href":"https:\/\/www.g-v.fr\/en\/wp-json\/wp\/v2\/pages"}],"about":[{"href":"https:\/\/www.g-v.fr\/en\/wp-json\/wp\/v2\/types\/page"}],"author":[{"embeddable":true,"href":"https:\/\/www.g-v.fr\/en\/wp-json\/wp\/v2\/users\/6"}],"replies":[{"embeddable":true,"href":"https:\/\/www.g-v.fr\/en\/wp-json\/wp\/v2\/comments?post=1746"}],"version-history":[{"count":2,"href":"https:\/\/www.g-v.fr\/en\/wp-json\/wp\/v2\/pages\/1746\/revisions"}],"predecessor-version":[{"id":3412,"href":"https:\/\/www.g-v.fr\/en\/wp-json\/wp\/v2\/pages\/1746\/revisions\/3412"}],"wp:attachment":[{"href":"https:\/\/www.g-v.fr\/en\/wp-json\/wp\/v2\/media?parent=1746"}],"curies":[{"name":"wp","href":"https:\/\/api.w.org\/{rel}","templated":true}]}}